{"id":40,"date":"2016-07-07T12:10:40","date_gmt":"2016-07-07T11:10:40","guid":{"rendered":"http:\/\/rus2016.aarch.dk\/?page_id=40"},"modified":"2026-07-23T18:28:20","modified_gmt":"2026-07-23T17:28:20","slug":"velkommen","status":"publish","type":"page","link":"https:\/\/rusforeningen.aarch.dk\/?page_id=40","title":{"rendered":"VELKOMMEN"},"content":{"rendered":"<p>[et_pb_section fb_built=&#8221;1&#8243; _builder_version=&#8221;4.16&#8243; global_colors_info=&#8221;{}&#8221;][et_pb_row _builder_version=&#8221;4.27.5&#8243; _module_preset=&#8221;default&#8221; global_colors_info=&#8221;{}&#8221;][et_pb_column type=&#8221;4_4&#8243; _builder_version=&#8221;4.27.5&#8243; _module_preset=&#8221;default&#8221; global_colors_info=&#8221;{}&#8221;][et_pb_text _builder_version=&#8221;4.27.5&#8243; _module_preset=&#8221;default&#8221; global_colors_info=&#8221;{}&#8221;]<\/p>\n<h2 style=\"text-align: center;\"><strong><span>Stort tillykke med din optagelse p\u00e5 Arkitektskolen Aarhus, og <\/span><\/strong><strong><span>hjertelig velkommen!<\/span><\/strong><\/h2>\n<p class=\"isSelectedEnd\"><span>Vi gl\u00e6der os til at byde dig og dine nye medstuderende velkommen <\/span><strong><span>s\u00f8ndag den 23. august<\/span><\/strong><span> i skolens auditorium. Her begynder en fantastisk studietid, og vi t\u00f8r godt love, at RUSugen bliver en oplevelse, du sent vil glemme.<\/span><\/p>\n<p class=\"isSelectedEnd\"><span>I RUSugen l\u00e6rer vi hinanden, studiet og skolen at kende. Vores m\u00e5l er at give dig en tryg og god studiestart, hvor du hurtigt bliver en del af f\u00e6llesskabet.<\/span><\/p>\n<p class=\"isSelectedEnd\"><span>P\u00e5 denne hjemmeside finder du al den information, du har brug for om RUSugen.<\/span><\/p>\n<p class=\"isSelectedEnd\"><span>Inden studiestarten beder vi dig om to ting:<\/span><\/p>\n<ul data-spread=\"false\">\n<li><strong>L\u00e6s informationerne p\u00e5 hjemmesiden grundigt igennem.<\/strong><\/li>\n<li><strong>Tilmeld dig rusturen \u2013 det er meget vigtigt. Du kan l\u00e6se mere om tilmeldingen <a href=\"https:\/\/rusforeningen.aarch.dk\/?page_id=42\">HER<\/a>.<\/strong><\/li>\n<\/ul>\n<p class=\"isSelectedEnd\"><span>Sammen med engagerede arkitektstuderende fra alle \u00e5rgange har vi arbejdet hele sommeren p\u00e5 at skabe en fantastisk RUSuge. Alle nye studerende bliver inddelt i otte hold med et tutorpar, som gl\u00e6der sig til at byde jer velkommen, dele deres erfaringer og svare p\u00e5 jeres sp\u00f8rgsm\u00e5l.<\/span><\/p>\n<p class=\"isSelectedEnd\"><span>Har du sp\u00f8rgsm\u00e5l om RUSugen eller studiestarten, finder du svar p\u00e5 meget her p\u00e5 siden, som l\u00f8bende opdateres gennem august. Du er selvf\u00f8lgelig ogs\u00e5 altid velkommen til at kontakte os.<\/span><\/p>\n<p class=\"isSelectedEnd\"><span>Vi gl\u00e6der os til at se dig til en uge fyldt med f\u00e6llesskab, oplevelser og en god start p\u00e5 studielivet.<\/span><\/p>\n<p class=\"isSelectedEnd\"><strong><span>P\u00e5 vegne af hele RUS CREW 2026<\/span><\/strong><\/p>\n<p>[\/et_pb_text][\/et_pb_column][\/et_pb_row][et_pb_row _builder_version=&#8221;4.27.5&#8243; _module_preset=&#8221;default&#8221; global_colors_info=&#8221;{}&#8221;][et_pb_column type=&#8221;4_4&#8243; _builder_version=&#8221;4.27.5&#8243; _module_preset=&#8221;default&#8221; global_colors_info=&#8221;{}&#8221;][et_pb_text _builder_version=&#8221;4.27.5&#8243; _module_preset=&#8221;default&#8221; global_colors_info=&#8221;{}&#8221;]<\/p>\n<h3 style=\"text-align: center;\"><strong>Hovedplanl\u00e6ggere af Rusturen 2026<\/strong><strong><\/strong><\/h3>\n<p>[\/et_pb_text][\/et_pb_column][\/et_pb_row][et_pb_row column_structure=&#8221;1_2,1_2&#8243; _builder_version=&#8221;4.27.5&#8243; _module_preset=&#8221;default&#8221; global_colors_info=&#8221;{}&#8221;][et_pb_column type=&#8221;1_2&#8243; _builder_version=&#8221;4.27.5&#8243; _module_preset=&#8221;default&#8221; global_colors_info=&#8221;{}&#8221;][et_pb_image src=&#8221;https:\/\/rusforeningen.aarch.dk\/wp-content\/uploads\/2026\/07\/VTLE8792-1.jpg&#8221; title_text=&#8221;VTLE8792&#8243; _builder_version=&#8221;4.27.5&#8243; _module_preset=&#8221;default&#8221; width=&#8221;80%&#8221; module_alignment=&#8221;center&#8221; hover_enabled=&#8221;0&#8243; global_colors_info=&#8221;{}&#8221; sticky_enabled=&#8221;0&#8243;][\/et_pb_image][et_pb_text _builder_version=&#8221;4.27.5&#8243; _module_preset=&#8221;default&#8221; global_colors_info=&#8221;{}&#8221;]<\/p>\n<h5 style=\"text-align: center;\"><strong>Sille Drejer Haahr<\/strong><\/h5>\n<p>[\/et_pb_text][\/et_pb_column][et_pb_column type=&#8221;1_2&#8243; _builder_version=&#8221;4.27.5&#8243; _module_preset=&#8221;default&#8221; global_colors_info=&#8221;{}&#8221;][et_pb_image src=&#8221;https:\/\/rusforeningen.aarch.dk\/wp-content\/uploads\/2026\/07\/IMG_6137.jpg&#8221; title_text=&#8221;IMG_6137&#8243; _builder_version=&#8221;4.27.5&#8243; _module_preset=&#8221;default&#8221; width=&#8221;80%&#8221; module_alignment=&#8221;center&#8221; hover_enabled=&#8221;0&#8243; global_colors_info=&#8221;{}&#8221; sticky_enabled=&#8221;0&#8243;][\/et_pb_image][et_pb_text _builder_version=&#8221;4.27.5&#8243; _module_preset=&#8221;default&#8221; global_colors_info=&#8221;{}&#8221;]<\/p>\n<h5 style=\"text-align: center;\"><strong>Kristian M\u00f8hring<\/strong><\/h5>\n<p>[\/et_pb_text][\/et_pb_column][\/et_pb_row][et_pb_row _builder_version=&#8221;4.27.5&#8243; _module_preset=&#8221;default&#8221; global_colors_info=&#8221;{}&#8221;][et_pb_column type=&#8221;4_4&#8243; _builder_version=&#8221;4.27.5&#8243; _module_preset=&#8221;default&#8221; global_colors_info=&#8221;{}&#8221;][et_pb_text _builder_version=&#8221;4.27.5&#8243; _module_preset=&#8221;default&#8221; global_colors_info=&#8221;{}&#8221;]<\/p>\n<h3 style=\"text-align: center;\"><strong>Et stort VELKOMMEN skal I ogs\u00e5 have fra skolens ledelse.<\/strong><\/h3>\n<h3 style=\"text-align: center;\"><strong>Velkommen i Arkitektskolen Aarhus!<\/strong><\/h3>\n<p>[\/et_pb_text][\/et_pb_column][\/et_pb_row][et_pb_row _builder_version=&#8221;4.27.5&#8243; _module_preset=&#8221;default&#8221; module_alignment=&#8221;center&#8221; custom_margin=&#8221;|auto||78px||&#8221; custom_padding=&#8221;||0px|||&#8221; global_colors_info=&#8221;{}&#8221;][et_pb_column type=&#8221;4_4&#8243; _builder_version=&#8221;4.27.5&#8243; _module_preset=&#8221;default&#8221; global_colors_info=&#8221;{}&#8221;][et_pb_text _builder_version=&#8221;4.27.5&#8243; background_size=&#8221;initial&#8221; background_position=&#8221;top_left&#8221; background_repeat=&#8221;repeat&#8221; custom_padding=&#8221;||1px|||&#8221; locked=&#8221;off&#8221; global_colors_info=&#8221;{}&#8221;]<\/p>\n<p style=\"text-align: center;\"><!-- divi:heading {\"level\":1} --><img loading=\"lazy\" decoding=\"async\" width=\"1024\" height=\"683\" src=\"https:\/\/rusforeningen.aarch.dk\/wp-content\/uploads\/2025\/07\/Rektoratet-25-1-1024x683.jpg\" alt=\"\" class=\"wp-image-3860\" srcset=\"https:\/\/rusforeningen.aarch.dk\/wp-content\/uploads\/2025\/07\/Rektoratet-25-1-1024x683.jpg 1024w, https:\/\/rusforeningen.aarch.dk\/wp-content\/uploads\/2025\/07\/Rektoratet-25-1-300x200.jpg 300w, https:\/\/rusforeningen.aarch.dk\/wp-content\/uploads\/2025\/07\/Rektoratet-25-1-768x512.jpg 768w, https:\/\/rusforeningen.aarch.dk\/wp-content\/uploads\/2025\/07\/Rektoratet-25-1-1536x1024.jpg 1536w, https:\/\/rusforeningen.aarch.dk\/wp-content\/uploads\/2025\/07\/Rektoratet-25-1-2048x1365.jpg 2048w, https:\/\/rusforeningen.aarch.dk\/wp-content\/uploads\/2025\/07\/Rektoratet-25-1-1080x720.jpg 1080w, https:\/\/rusforeningen.aarch.dk\/wp-content\/uploads\/2025\/07\/Rektoratet-25-1-24x16.jpg 24w, https:\/\/rusforeningen.aarch.dk\/wp-content\/uploads\/2025\/07\/Rektoratet-25-1-36x24.jpg 36w, https:\/\/rusforeningen.aarch.dk\/wp-content\/uploads\/2025\/07\/Rektoratet-25-1-48x32.jpg 48w\" sizes=\"(max-width: 1024px) 100vw, 1024px\" \/>\u00a0<\/p>\n<p><!-- \/divi:gallery --><!-- \/divi:gallery --><!-- divi:heading {\"level\":1} --><\/p>\n<p>&nbsp;<\/p>\n<p><!-- \/divi:heading --><\/p>\n<p>[\/et_pb_text][\/et_pb_column][\/et_pb_row][et_pb_row _builder_version=&#8221;4.27.5&#8243; _module_preset=&#8221;default&#8221; custom_padding=&#8221;0px|||||&#8221; global_colors_info=&#8221;{}&#8221;][et_pb_column type=&#8221;4_4&#8243; _builder_version=&#8221;4.27.5&#8243; _module_preset=&#8221;default&#8221; global_colors_info=&#8221;{}&#8221;][et_pb_text _builder_version=&#8221;4.27.5&#8243; _module_preset=&#8221;default&#8221; global_colors_info=&#8221;{}&#8221;]<\/p>\n<p style=\"text-align: center;\">Direkt\u00f8r Christian Koch Ramsing, rektor Kristine Leth Juul og prorektor Thomas Bo Jensen<\/p>\n<p>[\/et_pb_text][\/et_pb_column][\/et_pb_row][et_pb_row _builder_version=&#8221;4.27.5&#8243; _module_preset=&#8221;default&#8221; global_colors_info=&#8221;{}&#8221;][et_pb_column type=&#8221;4_4&#8243; _builder_version=&#8221;4.27.5&#8243; _module_preset=&#8221;default&#8221; global_colors_info=&#8221;{}&#8221;][et_pb_text _builder_version=&#8221;4.27.5&#8243; _module_preset=&#8221;default&#8221; global_colors_info=&#8221;{}&#8221;]<\/p>\n<p>K\u00e6re nye studerende<\/p>\n<p>Velkommen til Arkitektskolen Aarhus \u2013 og til et nyt fagligt f\u00e6llesskab med n\u00e6sten 600 studerende, godt 150 medarbejdere og en sp\u00e6ndende branche i udvikling.<\/p>\n<p>P\u00e5 Arkitektskolen Aarhus arbejder vi p\u00e5 at fremme en b\u00e6redygtig arkitekturudvikling set i et globalt perspektiv med afs\u00e6t i viden om vores lokale nordiske natur, kultur og arkitektur.<\/p>\n<p>Igennem den 5-\u00e5rige arkitektuddannelse vil vi give jer kommende arkitekter kompetencer og viden til at skabe gode livsmilj\u00f8er, steder og rum, som styrker fremtidens b\u00e6redygtige samfund.<\/p>\n<p>Du bliver rustet til at arbejde eksperimenterende, unders\u00f8gende og til at inddrage forskningsbaseret viden. Du bliver tr\u00e6net i at oms\u00e6tte komplekse og relevante samfundsproblemer til arkitektoniske udsagn og l\u00f8sninger, der forholder sig meningsfuldt til b\u00e5de vores historie og samtidens betingelser.<\/p>\n<p>Du kommer til at m\u00f8de arkitekturens forskellige discipliner og skalatrin; fra landskabsarkitekturen, til byens udvikling, bygningen og den n\u00e6re skala \u2013 med fokus p\u00e5 at genbruge og transformere de bygninger, som allerede st\u00e5r.<\/p>\n<p>Vi v\u00e6gter de studerendes trivsel h\u00f8jt, og derfor arbejder vi kontinuerligt med at styrke vores l\u00e6rings- og studiemilj\u00f8 med plads til diversitet og mangfoldighed. Det, mener vi, er med til at skabe de optimale rammer for l\u00e6ring og udvikling.<\/p>\n<p>Arkitektuddannelsen p\u00e5 Arkitektskolen Aarhus er noget ganske s\u00e6rligt \u2013 og det h\u00e5ber vi ogs\u00e5, at du hurtigt vil m\u00e6rke. Vi prioriterer, at alle studerende har eget tegnebord, hvor I p\u00e5 tv\u00e6rs af tegnesalen kan dele viden og hj\u00e6lpe hinanden med sparring, s\u00e5 I i f\u00e6llesskab f\u00e5r skabt et helt s\u00e6rligt studiemilj\u00f8.<\/p>\n<p>Vi tror p\u00e5 en l\u00e6ringsform, hvor der er tid til faglig fordybelse i projektarbejdet, men ogs\u00e5 hvor projekterne l\u00f8bende udvikles i en f\u00e6lles diskussion og refleksion.<\/p>\n<p>I 2021 flyttede vi ind i en nybygget arkitektskole, som i dag skaber rammerne om vores daglige f\u00e6llesskab. Her f\u00e5r du mulighed for at deltage i en lang r\u00e6kke faglige arrangementer, studenterforeningsaktiviteter og initiativer p\u00e5 tv\u00e6rs af skolen.<\/p>\n<p>Vi h\u00e5ber, at du f\u00e5r en god start p\u00e5 dit studie \u2013 velkommen!<\/p>\n<p>[\/et_pb_text][\/et_pb_column][\/et_pb_row][\/et_pb_section]<\/p>\n","protected":false},"excerpt":{"rendered":"<p>Stort tillykke med din optagelse p\u00e5 Arkitektskolen&#8230;<\/p>\n","protected":false},"author":2,"featured_media":3522,"parent":0,"menu_order":0,"comment_status":"closed","ping_status":"closed","template":"","meta":{"_et_pb_use_builder":"on","_et_pb_old_content":"<!-- wp:heading {\"level\":1} -->\n<h1 class=\"wp-block-heading\">K\u00e6re alle nye medstuderende!<br><\/h1>\n<!-- \/wp:heading -->\n\n<!-- wp:heading -->\n<h2 class=\"wp-block-heading\"><br>Stort tillykke med optagelsen p\u00e5 Arkitektskolen Aarhus og hjertelig velkommen.<\/h2>\n<!-- \/wp:heading -->\n\n<!-- wp:heading {\"level\":4} -->\n<h4 class=\"wp-block-heading\">Vi gl\u00e6der os til at byde dig og dine nye medstuderende velkommen S\u00f8ndag den 24. august i skolens auditorium. Det bliver starten p\u00e5 en fantastisk studietid, og det vil uden tvivl blive en RUSuge, I l\u00e6nge vil snakke om.<\/h4>\n<!-- \/wp:heading -->\n\n<!-- wp:paragraph -->\n<p>I RUSugen skal vi l\u00e6re hinanden at kende. Du skal l\u00e6re noget om hvad vi laver som arkitektstuderende, og hvad skolen er for en st\u00f8rrelse. Vi lover at det bliver en studiestart, hvor I kan l\u00e6re hinanden og skolen at kende, og blive trygge ved de nye omgivelser. <\/p>\n<!-- \/wp:paragraph -->\n\n<!-- wp:paragraph -->\n<p>P\u00e5 denne hjemmeside finder du al den n\u00f8dvendige information om din RUSuge.<\/p>\n<!-- \/wp:paragraph -->\n\n<!-- wp:paragraph -->\n<p>Det f\u00f8rste vi vil bede dig om, er at l\u00e6se informationerne p\u00e5 hjemmesiden her igennem. Du f\u00e5r allermest ud af din introduktion til studiet, hvis du er ordentligt \u201ckl\u00e6dt p\u00e5\u201d inden du m\u00f8der op.<\/p>\n<!-- \/wp:paragraph -->\n\n<!-- wp:paragraph -->\n<p>Det andet vi vil bede dig om er at du tilmelder dig turen. Det er <em>meget <\/em>vigtigt. L\u00e6s mere om <strong><a href=\"https:\/\/rusforeningen.aarch.dk\/?page_id=42\" data-type=\"page\">tilmelding<\/a><\/strong>.&nbsp;<\/p>\n<!-- \/wp:paragraph -->\n\n<!-- wp:paragraph -->\n<p>Vi har sammen med et hold af herlige arkitektstuderende, fordelt p\u00e5 alle \u00e5rgange, arbejdet benh\u00e5rdt henover sommeren for at skabe en fantastisk RUSuge til dig! <\/p>\n<!-- \/wp:paragraph -->\n\n<!-- wp:paragraph -->\n<p><\/p>\n<!-- \/wp:paragraph -->\n\n<!-- wp:paragraph -->\n<p>For at give dig den bedste introduktion har vi inddelt alle nye studerende i 8 hold med hvert sit par tutorer. Tutorerne er \u00e6ldre studerende, der gl\u00e6der sig til at fort\u00e6lle om studiet, besvare dine sp\u00f8rgsm\u00e5l og selvf\u00f8lgelig til at byde dig velkommen i f\u00e6llesskabet.<\/p>\n<!-- \/wp:paragraph -->\n\n<!-- wp:paragraph -->\n<p>Er du mere nysgerrig p\u00e5 dit kommende studieliv, kan du finde masser af sp\u00e6ndende information i vores&nbsp;<a rel=\"noreferrer noopener\" href=\"https:\/\/aarch.dk\/handbook-2022\/\" target=\"_blank\"><strong>studenterh\u00e5ndbog<\/strong><\/a><\/p>\n<!-- \/wp:paragraph -->\n\n<!-- wp:paragraph -->\n<p>Er du det mindste i tvivl om noget, der har med RUSugen eller studiestart at g\u00f8re, findes mange af svarene her p\u00e5 siden, der opdateres l\u00f8bende gennem august m\u00e5ned - ellers er vores kontaktoplysninger <strong><a href=\"https:\/\/rusforeningen.aarch.dk\/?page_id=50\" data-type=\"page\">her<\/a><\/strong>.<\/p>\n<!-- \/wp:paragraph -->\n\n<!-- wp:paragraph -->\n<p>Vi gl\u00e6der os alle til at se dig til en uge fyldt med fest, farver og hyggelige stunder - vi er rigtig mange der \u00f8nsker jer den bedst mulige studiestart!<\/p>\n<!-- \/wp:paragraph -->\n\n<!-- wp:paragraph -->\n<p>P\u00e5 vegne af hele RUS CREW 2025<\/p>\n<!-- \/wp:paragraph -->\n\n<!-- wp:paragraph -->\n<p>Helen Aaseb\u00f8 Nord-Varhaug &amp; Emil Meen Haugeng,<\/p>\n<!-- \/wp:paragraph -->\n\n<!-- wp:paragraph -->\n<p>Hovedplanl\u00e6ggere af Rusturen 2025<\/p>\n<!-- \/wp:paragraph -->\n\n<!-- wp:paragraph -->\n<p><\/p>\n<!-- \/wp:paragraph -->\n\n<!-- wp:image {\"id\":3787,\"sizeSlug\":\"large\",\"linkDestination\":\"none\"} -->\n<figure class=\"wp-block-image size-large\"><img src=\"https:\/\/rusforeningen.aarch.dk\/wp-content\/uploads\/2025\/07\/Helen-2-1-768x1024.jpg\" alt=\"\" class=\"wp-image-3787\"\/><figcaption class=\"wp-element-caption\">HELEN AAESB\u00d8 NORD-VARHAUG<\/figcaption><\/figure>\n<!-- \/wp:image -->\n\n<!-- wp:image {\"id\":3789,\"width\":675,\"height\":1024,\"sizeSlug\":\"large\",\"linkDestination\":\"none\"} -->\n<figure class=\"wp-block-image size-large is-resized\"><img src=\"https:\/\/rusforeningen.aarch.dk\/wp-content\/uploads\/2025\/07\/Emil-BOSS-1-675x1024.jpg\" alt=\"\" class=\"wp-image-3789\" width=\"675\" height=\"1024\"\/><figcaption class=\"wp-element-caption\">EMIL MEEN HAUGENG<\/figcaption><\/figure>\n<!-- \/wp:image -->\n\n<!-- wp:paragraph -->\n<p><\/p>\n<!-- \/wp:paragraph -->\n\n<!-- wp:paragraph -->\n<p><\/p>\n<!-- \/wp:paragraph -->\n\n<!-- wp:heading {\"level\":3} -->\n<h3 class=\"wp-block-heading\">Et stort VELKOMMEN skal I ogs\u00e5 have fra skolens ledelse.<\/h3>\n<!-- \/wp:heading -->\n\n<!-- wp:paragraph -->\n<p><\/p>\n<!-- \/wp:paragraph -->\n\n<!-- wp:heading {\"level\":1} -->\n<h1 class=\"wp-block-heading\">Velkommen i Arkitektskolen Aarhus!<\/h1>\n<!-- \/wp:heading -->\n\n<!-- wp:gallery {\"linkTo\":\"none\",\"className\":\"aligncenter\"} -->\n<figure class=\"wp-block-gallery has-nested-images columns-default is-cropped aligncenter\"><\/figure>\n<!-- \/wp:gallery -->\n\n<!-- wp:gallery {\"linkTo\":\"none\",\"className\":\"aligncenter\"} -->\n<figure class=\"wp-block-gallery has-nested-images columns-default is-cropped aligncenter\"><!-- wp:image {\"id\":3860,\"sizeSlug\":\"large\",\"linkDestination\":\"none\"} -->\n<figure class=\"wp-block-image size-large\"><img src=\"https:\/\/rusforeningen.aarch.dk\/wp-content\/uploads\/2025\/07\/Rektoratet-25-1-1024x683.jpg\" alt=\"\" class=\"wp-image-3860\"\/><figcaption class=\"wp-element-caption\"><em>Direkt\u00f8r Christian Koch Ramsing, Rektor Kristine Leth Juul og Prorektor Thomas Bo Jensen<\/em><\/figcaption><\/figure>\n<!-- \/wp:image --><\/figure>\n<!-- \/wp:gallery -->\n\n<!-- wp:paragraph -->\n<p><\/p>\n<!-- \/wp:paragraph -->\n\n<!-- wp:paragraph -->\n<p>K\u00e6re nye studerende<\/p>\n<!-- \/wp:paragraph -->\n\n<!-- wp:paragraph -->\n<p>Velkommen til Arkitektskolen Aarhus \u2013 og til et nyt fagligt f\u00e6llesskab med n\u00e6sten 600 studerende, godt 150 medarbejdere og en sp\u00e6ndende branche i udvikling.<\/p>\n<!-- \/wp:paragraph -->\n\n<!-- wp:paragraph -->\n<p>P\u00e5 Arkitektskolen Aarhus arbejder vi p\u00e5 at fremme en b\u00e6redygtig arkitekturudvikling set i et globalt perspektiv med afs\u00e6t i viden om vores lokale nordiske natur, kultur og arkitektur.<\/p>\n<!-- \/wp:paragraph -->\n\n<!-- wp:paragraph -->\n<p>Igennem den 5-\u00e5rige arkitektuddannelse vil vi give jer kommende arkitekter kompetencer og viden til at skabe gode livsmilj\u00f8er, steder og rum, som styrker fremtidens b\u00e6redygtige samfund.<\/p>\n<!-- \/wp:paragraph -->\n\n<!-- wp:paragraph -->\n<p>Du bliver rustet til at arbejde eksperimenterende, unders\u00f8gende og til at inddrage forskningsbaseret viden. Du bliver tr\u00e6net i at oms\u00e6tte komplekse og relevante samfundsproblemer til arkitektoniske udsagn og l\u00f8sninger, der forholder sig meningsfuldt til b\u00e5de vores historie og samtidens betingelser.<\/p>\n<!-- \/wp:paragraph -->\n\n<!-- wp:paragraph -->\n<p>Du kommer til at m\u00f8de arkitekturens forskellige discipliner og skalatrin; fra landskabsarkitekturen, til byens udvikling, bygningen og den n\u00e6re skala \u2013 med fokus p\u00e5 at genbruge og transformere de bygninger, som allerede st\u00e5r.<\/p>\n<!-- \/wp:paragraph -->\n\n<!-- wp:paragraph -->\n<p>Vi v\u00e6gter de studerendes trivsel h\u00f8jt, og derfor arbejder vi kontinuerligt med at styrke vores l\u00e6rings- og studiemilj\u00f8 med plads til diversitet og mangfoldighed. Det, mener vi, er med til at skabe de optimale rammer for l\u00e6ring og udvikling.<\/p>\n<!-- \/wp:paragraph -->\n\n<!-- wp:paragraph -->\n<p>Arkitektuddannelsen p\u00e5 Arkitektskolen Aarhus er noget ganske s\u00e6rligt \u2013 og det h\u00e5ber vi ogs\u00e5, at du hurtigt vil m\u00e6rke. Vi prioriterer, at alle studerende har eget tegnebord, hvor I p\u00e5 tv\u00e6rs af tegnesalen kan dele viden og hj\u00e6lpe hinanden med sparring, s\u00e5 I i f\u00e6llesskab f\u00e5r skabt et helt s\u00e6rligt studiemilj\u00f8.<\/p>\n<!-- \/wp:paragraph -->\n\n<!-- wp:paragraph -->\n<p>Vi tror p\u00e5 en l\u00e6ringsform, hvor der er tid til faglig fordybelse i projektarbejdet, men ogs\u00e5 hvor projekterne l\u00f8bende udvikles i en f\u00e6lles diskussion og refleksion.<\/p>\n<!-- \/wp:paragraph -->\n\n<!-- wp:paragraph -->\n<p>I 2021 flyttede vi ind i en nybygget arkitektskole, som i dag skaber rammerne om vores daglige f\u00e6llesskab. Her f\u00e5r du mulighed for at deltage i en lang r\u00e6kke faglige arrangementer, studenterforeningsaktiviteter og initiativer p\u00e5 tv\u00e6rs af skolen.<\/p>\n<!-- \/wp:paragraph -->\n\n<!-- wp:paragraph -->\n<p>Vi h\u00e5ber, at du f\u00e5r en god start p\u00e5 dit studie \u2013 velkommen!<\/p>\n<!-- \/wp:paragraph -->\n\n<!-- wp:paragraph -->\n<p><\/p>\n<!-- \/wp:paragraph -->\n\n<!-- wp:paragraph -->\n<p><\/p>\n<!-- \/wp:paragraph -->\n\n<!-- wp:image {\"id\":3006,\"sizeSlug\":\"large\",\"linkDestination\":\"none\"} -->\n<figure class=\"wp-block-image size-large\"><img src=\"https:\/\/rusforeningen.aarch.dk\/wp-content\/uploads\/2022\/08\/kantine-1024x683.jpg\" alt=\"\" class=\"wp-image-3006\"\/><figcaption class=\"wp-element-caption\">Hjertet, kantinen ved Arkitektskolen Aarhus<\/figcaption><\/figure>\n<!-- \/wp:image -->\n\n<!-- wp:paragraph -->\n<p><strong>BLIV KLAR TIL STUDIESTART<\/strong><\/p>\n<!-- \/wp:paragraph -->\n\n<!-- wp:paragraph -->\n<p>Arkitektskolen har som noget nyt lavet et online studiestartskursus til nye studerende i samarbejde med Studenterr\u00e5dgivningen, som handler om, hvordan det er at v\u00e6re studerende p\u00e5 Arkitektskolen Aarhus. Vi har valgt at kalde studiestartskurset \u2019Bliv klar til studiestart\u2019.<\/p>\n<!-- \/wp:paragraph -->\n\n<!-- wp:paragraph -->\n<p>\u2019Bliv klar til studiestart\u2019 har til form\u00e5l at hj\u00e6lpe dig godt i gang som ny studerende p\u00e5 arkitektskolen. Du kan gennemg\u00e5 kursets indhold p\u00e5 det tidspunkt, du har lyst, men vi anbefaler, at du gennemf\u00f8rer det f\u00f8r din egentlige studiestart - eller kort herefter.<\/p>\n<!-- \/wp:paragraph -->\n\n<!-- wp:paragraph -->\n<p>Materialet best\u00e5r af fire moduler, som p\u00e5 forskellig vis introducerer dig til det at v\u00e6re studerende - modulerne hedder:<\/p>\n<!-- \/wp:paragraph -->\n\n<!-- wp:paragraph -->\n<p>\u2022 Fra elev til studerende <\/p>\n<!-- \/wp:paragraph -->\n\n<!-- wp:paragraph -->\n<p>\u2022 Studievaner <\/p>\n<!-- \/wp:paragraph -->\n\n<!-- wp:paragraph -->\n<p>\u2022 Holdbar motivation <\/p>\n<!-- \/wp:paragraph -->\n\n<!-- wp:paragraph -->\n<p>\u2022 Faglige f\u00e6llesskaber og samarbejde <\/p>\n<!-- \/wp:paragraph -->\n\n<!-- wp:paragraph -->\n<p>Du kan ogs\u00e5 finde en r\u00e6kke gode r\u00e5d, som kan v\u00e6re nyttige i forbindelse med studiestarten. Og du kan 'm\u00f8de' dine nye studiekammerater, da I f\u00e5r mulighed for at kommunikere med hinanden online. <\/p>\n<!-- \/wp:paragraph -->\n\n<!-- wp:paragraph -->\n<p>Vi h\u00e5ber, du vil benytte dig af tilbuddet!<\/p>\n<!-- \/wp:paragraph -->\n\n<!-- wp:spacer {\"height\":\"83px\"} -->\n<div style=\"height:83px\" aria-hidden=\"true\" class=\"wp-block-spacer\"><\/div>\n<!-- \/wp:spacer -->\n\n<!-- wp:heading {\"level\":3} -->\n<h3 class=\"wp-block-heading\">Et stort VELKOMMEN skal I ogs\u00e5 have fra andre vigtige personligheder i vores netv\u00e6rk.<\/h3>\n<!-- \/wp:heading -->\n\n<!-- wp:heading {\"level\":1} -->\n<h1 class=\"wp-block-heading\">Rum for diskussion<\/h1>\n<!-- \/wp:heading -->\n\n<!-- wp:paragraph -->\n<p>I Arkitektforeningen \u00d8stjylland skaber vi rum for diskussion. Med arkitekturen som udgangspunkt vender og vrider vi alle aspekter af samfundet, og hvilken rolle arkitekturen spiller heri. Vores fysiske omgivelser har betydning for alt fra skoleb\u00f8rns indl\u00e6ringsevne til klimakrisen. Vi diskuterer arkitektur, fordi det g\u00f8r en forskel.&nbsp;Vi m\u00f8des til forel\u00e6sninger, studieture, filmvisninger, debatter og byvandringer.<\/p>\n<!-- \/wp:paragraph -->\n\n<!-- wp:paragraph -->\n<p> Hvordan h\u00e6nger FN\u2019s 17 verdensm\u00e5l sammen med den m\u00e5de vi bygger vores byer p\u00e5? Hvad t\u00e6nker vores lokalpolitikere om nedrivning af boligblokke \u2013 og om etablering af h\u00f8jhuse? Er der plads til naturen i fremtidens storby?<\/p>\n<!-- \/wp:paragraph -->\n\n<!-- wp:paragraph -->\n<p>Vores f\u00e6lles grundlag er, at vi studerer eller arbejder med arkitektur \u2013 eller g\u00f8r begge dele! Hvad enten vi er studerende, praktiserende eller pensionist, arbejder med bygningsarkitektur, restaurering, planl\u00e6gning af vores byer eller noget helt andet, har vi det til f\u00e6lles, at vi lever og \u00e5nder for arkitekturen.S\u00e5 uanset om du er til franske kunstfilm, vil banke n\u00e6ven i bordet og ytre din holdning eller bare nysgerrig p\u00e5 at vide, hvad der r\u00f8rer sig i praktiserende del af arkitektfaget, st\u00e5r vi klar med \u00e5bne arme og spidse \u00f8rer.<\/p>\n<!-- \/wp:paragraph -->\n\n<!-- wp:paragraph -->\n<p>Velkommen til arkitekt faget og rigtigt godt RUS-arrangement til alle!<\/p>\n<!-- \/wp:paragraph -->\n\n<!-- wp:paragraph -->\n<p>Find alle sp\u00e6ndende arrangementer p\u00e5 Arkitektforeningens hjemmeside:&nbsp;<a rel=\"noreferrer noopener\" href=\"https:\/\/arkitektforeningen.dk\/aktuelt\/kalender\/\" target=\"_blank\">Kalender (arkitektforeningen.dk)<\/a>, husk at f\u00f8lge med p\u00e5&nbsp;<a rel=\"noreferrer noopener\" href=\"https:\/\/www.facebook.com\/groups\/21561771554\" target=\"_blank\">Arkitektforeningen \u00d8stjyllands Facebook-side<\/a>&nbsp;og meld dig ind i Arkitektforeningen p\u00e5 arkitektforeningen.dk.<\/p>\n<!-- \/wp:paragraph -->\n\n<!-- wp:paragraph -->\n<p><\/p>\n<!-- \/wp:paragraph -->\n\n<!-- wp:image {\"id\":2337,\"width\":608,\"height\":342,\"sizeSlug\":\"large\",\"className\":\"is-style-default\"} -->\n<figure class=\"wp-block-image size-large is-resized is-style-default\"><img src=\"https:\/\/rus2020.aarch.dk\/wp-content\/uploads\/2020\/07\/11430088_10153325780602978_8980283216306988372_n.jpg\" alt=\"\" class=\"wp-image-2337\" width=\"608\" height=\"342\"\/><figcaption class=\"wp-element-caption\">Studietur til Skagen<\/figcaption><\/figure>\n<!-- \/wp:image -->\n\n<!-- wp:paragraph -->\n<p><strong>K\u00e6re nye Aarch-studerende.&nbsp;<\/strong><\/p>\n<!-- \/wp:paragraph -->\n\n<!-- wp:image {\"align\":\"left\",\"id\":2363,\"width\":339,\"height\":225,\"sizeSlug\":\"large\"} -->\n<figure class=\"wp-block-image alignleft size-large is-resized\"><img src=\"https:\/\/rus2020.aarch.dk\/wp-content\/uploads\/2020\/07\/jan-ove-petersen-lavformat-foto-ulrik-jantzen-1200-800-1-1024x683.jpg\" alt=\"\" class=\"wp-image-2363\" width=\"339\" height=\"225\"\/><figcaption class=\"wp-element-caption\">Jan Ove Petersen, formand for FAOD, Arkitekt MAA<\/figcaption><\/figure>\n<!-- \/wp:image -->\n\n<!-- wp:paragraph -->\n<p>Stort tillykke med din plads p\u00e5 en rigtig god, sp\u00e6ndende og yderst relevant uddannelse, Arkitektuddannelsen.&nbsp;<\/p>\n<!-- \/wp:paragraph -->\n\n<!-- wp:paragraph -->\n<p>Det er en uddannelse, der giver dig mange oplevelser og udfordringer. Du f\u00e5r mulighed for at pr\u00f8ve dig selv af. Der vil blive stillet store krav til din udvikling b\u00e5de fagligt og personligt. Undervejs f\u00e5r du udvidet dine horisonter og set mange smukke steder og kulturer.<\/p>\n<!-- \/wp:paragraph -->\n\n<!-- wp:paragraph -->\n<p>Herefter vil dine faglige f\u00e6rdigheder v\u00e6re efterspurgte i samfundet - ogs\u00e5 uden for Danmarks gr\u00e6nser.<\/p>\n<!-- \/wp:paragraph -->\n\n<!-- wp:paragraph -->\n<p>Hvor du ender arbejdsm\u00e6ssigt kan v\u00e6re sv\u00e6rt at sp\u00e5 om. Der er flere muligheder for f\u00e6rdige arkitekter, end man lige forestiller sig. - I Forbundet Arkitekter og Designere, FAOD, er der ca. 6.000 medlemmer. Vi ved hvor de enkelte medlemmer er besk\u00e6ftiget, og det siger i h\u00f8j grad noget om bredden af dine fremtidige muligheder.<\/p>\n<!-- \/wp:paragraph -->\n\n<!-- wp:paragraph -->\n<p>Besk\u00e6ftigelsen er s\u00e5dan pt:<strong>&nbsp;Ca. 44 %<\/strong>&nbsp;er ansatte p\u00e5 private tegnestuer. Ca.&nbsp;<strong>33 %<\/strong>&nbsp;er ansatte i det offentlige.<strong>&nbsp;Ca. 18 %<\/strong>&nbsp;har anden privat ans\u00e6ttelse eller er selvst\u00e6ndige. (Ca. 5 % er ledige.) - FAOD holder l\u00f8bende \u00f8je med arbejdsmarked og samfundets udvikling. - FAOD forhandler og sikrer f\u00e6lles overenskomster med l\u00f8n og rammer for arbejdslivet b\u00e5de for private og offentlige ansatte.<\/p>\n<!-- \/wp:paragraph -->\n\n<!-- wp:paragraph -->\n<p>FAOD ved, at der for ofte er h\u00e5rde vilk\u00e5r for unge arkitektstuderende. Det er dyrt at v\u00e6re studerende, og derudover er der uheldige traditioner med at give d\u00e5rlige l\u00f8n til praktikanter og nyuddannede. Det vil FAOD g\u00f8re op med. F\u00f8rste skridt er at styrke de studerende, s\u00e5 de kender deres rettigheder og f\u00e5r den hj\u00e6lp de skal have. - FAOD r\u00e5dgiver studerende efter behov.<\/p>\n<!-- \/wp:paragraph -->\n\n<!-- wp:paragraph -->\n<p>Derfor er det pr. 1. juli 2020 -&nbsp;<strong>som noget nyt<\/strong>&nbsp;- gjort gratis for studerende at v\u00e6re medlem af Forbundet Arkitekter og Designere. - Ved et medlemskab f\u00e5r I som studerende et fagligt f\u00e6llesskab, hvor man st\u00e5r sammen om l\u00f8sning af arbejdsvilk\u00e5rene. L\u00e6s mere p\u00e5 hjemmesiden:&nbsp;<a href=\"http:\/\/www.faod.dk\/\"><strong>www.faod.dk<\/strong><\/a><strong>.&nbsp;<\/strong><\/p>\n<!-- \/wp:paragraph -->\n\n<!-- wp:paragraph -->\n<p>Med venlig hilsen<\/p>\n<!-- \/wp:paragraph -->\n\n<!-- wp:paragraph -->\n<p>Jan Ove Petersen, formand for FAOD, Arkitekt MAA<\/p>\n<!-- \/wp:paragraph -->\n\n<!-- wp:paragraph -->\n<p>&nbsp;&nbsp;&nbsp;&nbsp;&nbsp;&nbsp;&nbsp;&nbsp;&nbsp;&nbsp;&nbsp;&nbsp;&nbsp;&nbsp;&nbsp;&nbsp;&nbsp;&nbsp;&nbsp;&nbsp;&nbsp;<\/p>\n<!-- \/wp:paragraph -->\n\n<!-- wp:image {\"id\":2356,\"width\":381,\"height\":43} -->\n<figure class=\"wp-block-image is-resized\"><img src=\"https:\/\/rus2020.aarch.dk\/wp-content\/uploads\/2020\/07\/logo-kopi-1024x119.png\" alt=\"\" class=\"wp-image-2356\" width=\"381\" height=\"43\"\/><\/figure>\n<!-- \/wp:image -->\n\n<!-- wp:gallery {\"linkTo\":\"none\"} -->\n<figure class=\"wp-block-gallery has-nested-images columns-default is-cropped\"><!-- wp:image {\"id\":2359,\"sizeSlug\":\"large\",\"linkDestination\":\"none\"} -->\n<figure class=\"wp-block-image size-large\"><img src=\"https:\/\/rusforeningen.aarch.dk\/wp-content\/uploads\/2020\/07\/blivmedlem.jpg\" alt=\"\" class=\"wp-image-2359\"\/><\/figure>\n<!-- \/wp:image --><\/figure>\n<!-- \/wp:gallery -->\n\n<!-- wp:heading {\"level\":1} -->\n<h1 class=\"wp-block-heading\"><\/h1>\n<!-- \/wp:heading -->","_et_gb_content_width":"","footnotes":""},"class_list":["post-40","page","type-page","status-publish","has-post-thumbnail","hentry"],"_links":{"self":[{"href":"https:\/\/rusforeningen.aarch.dk\/index.php?rest_route=\/wp\/v2\/pages\/40","targetHints":{"allow":["GET"]}}],"collection":[{"href":"https:\/\/rusforeningen.aarch.dk\/index.php?rest_route=\/wp\/v2\/pages"}],"about":[{"href":"https:\/\/rusforeningen.aarch.dk\/index.php?rest_route=\/wp\/v2\/types\/page"}],"author":[{"embeddable":true,"href":"https:\/\/rusforeningen.aarch.dk\/index.php?rest_route=\/wp\/v2\/users\/2"}],"replies":[{"embeddable":true,"href":"https:\/\/rusforeningen.aarch.dk\/index.php?rest_route=%2Fwp%2Fv2%2Fcomments&post=40"}],"version-history":[{"count":286,"href":"https:\/\/rusforeningen.aarch.dk\/index.php?rest_route=\/wp\/v2\/pages\/40\/revisions"}],"predecessor-version":[{"id":4466,"href":"https:\/\/rusforeningen.aarch.dk\/index.php?rest_route=\/wp\/v2\/pages\/40\/revisions\/4466"}],"wp:featuredmedia":[{"embeddable":true,"href":"https:\/\/rusforeningen.aarch.dk\/index.php?rest_route=\/wp\/v2\/media\/3522"}],"wp:attachment":[{"href":"https:\/\/rusforeningen.aarch.dk\/index.php?rest_route=%2Fwp%2Fv2%2Fmedia&parent=40"}],"curies":[{"name":"wp","href":"https:\/\/api.w.org\/{rel}","templated":true}]}}